{"id":4166,"date":"2024-03-21T14:45:46","date_gmt":"2024-03-21T13:45:46","guid":{"rendered":"https:\/\/www.laribere.fr\/preguntas-frecuentes\/"},"modified":"2024-07-08T19:17:15","modified_gmt":"2024-07-08T17:17:15","slug":"preguntas-frecuentes","status":"publish","type":"page","link":"https:\/\/www.laribere.fr\/es\/preguntas-frecuentes\/","title":{"rendered":"Preguntas frecuentes"},"content":{"rendered":"<p>[et_pb_section fb_built=\u00bb1&#8243; _builder_version=\u00bb4.24.2&#8243; _module_preset=\u00bbdefault\u00bb global_colors_info=\u00bb{}\u00bb][et_pb_row _builder_version=\u00bb4.24.2&#8243; _module_preset=\u00bbdefault\u00bb width=\u00bb100%\u00bb max_width=\u00bb90%\u00bb custom_margin=\u00bb||2vh||false|false\u00bb global_colors_info=\u00bb{}\u00bb][et_pb_column type=\u00bb4_4&#8243; _builder_version=\u00bb4.24.2&#8243; _module_preset=\u00bbdefault\u00bb global_colors_info=\u00bb{}\u00bb][et_pb_text _builder_version=\u00bb4.24.2&#8243; _module_preset=\u00bbdefault\u00bb header_2_font=\u00bb|700|||||||\u00bb header_2_text_align=\u00bbcenter\u00bb header_2_font_size=\u00bb2em\u00bb global_colors_info=\u00bb{}\u00bb]<\/p>\n<h2>Preguntas frecuentes<\/h2>\n<p>[\/et_pb_text][et_pb_text _builder_version=\u00bb4.24.2&#8243; _module_preset=\u00bbdefault\u00bb header_2_font=\u00bb|700|||||||\u00bb header_2_text_align=\u00bbcenter\u00bb header_2_font_size=\u00bb3em\u00bb global_colors_info=\u00bb{}\u00bb]<\/p>\n<h2>Todas las preguntas que tenga para su estancia en Camping La Rib\u00e8re<\/h2>\n<p>[\/et_pb_text][et_pb_text _builder_version=\u00bb4.24.2&#8243; _module_preset=\u00bbdefault\u00bb header_2_font=\u00bb|700|||||||\u00bb header_2_text_align=\u00bbcenter\u00bb header_2_font_size=\u00bb2em\u00bb global_colors_info=\u00bb{}\u00bb]<\/p>\n<h2>\u00bfC\u00f3mo hacer una reserva?<\/h2>\n<p>[\/et_pb_text][et_pb_toggle title=\u00bb\u00bfC\u00f3mo verificar la disponibilidad y calcular el precio de mi estancia?\u00bb open_toggle_text_color=\u00bb#000000&#8243; open_toggle_background_color=\u00bbRGBA(255,255,255,0)\u00bb closed_toggle_background_color=\u00bbRGBA(255,255,255,0)\u00bb toggle_icon=\u00bb&#xf067;||fa||900&#8243; open_icon_color=\u00bb#000000&#8243; open_toggle_icon=\u00bb&#xf068;||fa||900&#8243; _builder_version=\u00bb4.24.2&#8243; _module_preset=\u00bbdefault\u00bb title_text_color=\u00bb#000000&#8243; title_font=\u00bb|700|||||||\u00bb title_font_size=\u00bb1.5em\u00bb body_font_size=\u00bb1.2em\u00bb border_width_all=\u00bb0px\u00bb global_colors_info=\u00bb{}\u00bb]<\/p>\n<p>Para conocer el precio exacto en las fechas solicitadas, simplemente simule una reserva en nuestra plataforma haciendo clic en el bot\u00f3n RESERVAR. Una vez que ingrese las fechas, le mostraremos los alojamientos disponibles y sus tarifas. La tarifa que se muestra en este paso es el precio del alojamiento (o emplazamiento) solo, excluyendo cualquier opci\u00f3n o seguro de cancelaci\u00f3n opcional.  <\/p>\n<p>[\/et_pb_toggle][et_pb_toggle title=\u00bb\u00bfC\u00f3mo hacer mi reserva?\u00bb open_toggle_text_color=\u00bb#000000&#8243; open_toggle_background_color=\u00bbRGBA(255,255,255,0)\u00bb closed_toggle_background_color=\u00bbRGBA(255,255,255,0)\u00bb toggle_icon=\u00bb&#xf067;||fa||900&#8243; open_icon_color=\u00bb#000000&#8243; open_toggle_icon=\u00bb&#xf068;||fa||900&#8243; _builder_version=\u00bb4.24.2&#8243; _module_preset=\u00bbdefault\u00bb title_text_color=\u00bb#000000&#8243; title_font=\u00bb|700|||||||\u00bb title_font_size=\u00bb1.5em\u00bb body_font_size=\u00bb1.2em\u00bb border_width_all=\u00bb0px\u00bb global_colors_info=\u00bb{}\u00bb]<\/p>\n<p>\u00bfHa encontrado la estancia de sus sue\u00f1os? \u00a1Solo tiene que hacer clic en \u00abReservar\u00bb y dejarse guiar hacia sus pr\u00f3ximas vacaciones! <\/p>\n<p>Es simple y r\u00e1pido: la reserva se realiza en 3 pasos<\/p>\n<p>1- Ingrese sus datos y proporcione el nombre de todos los participantes felices en la estancia (incluido el beb\u00e9)<\/p>\n<p>2- Seleccione las opciones a las que desea suscribirse y haga clic en FINALIZAR<\/p>\n<p>3- Elija su m\u00e9todo de pago y confirme su reserva.<\/p>\n<p>Luego recibir\u00e1 la confirmaci\u00f3n definitiva de su reserva por correo electr\u00f3nico en un plazo de 48 horas.<\/p>\n<p><!-- notionvc: aa29c62e-f17e-443d-ab4c-7c3490dbf4f4 --><\/p>\n<p>[\/et_pb_toggle][et_pb_toggle title=\u00bb\u00bfC\u00f3mo reservar varios emplazamientos o alojamientos al mismo tiempo o uno al lado del otro?\u00bb open_toggle_text_color=\u00bb#000000&#8243; open_toggle_background_color=\u00bbRGBA(255,255,255,0)\u00bb closed_toggle_background_color=\u00bbRGBA(255,255,255,0)\u00bb toggle_icon=\u00bb&#xf067;||fa||900&#8243; open_icon_color=\u00bb#000000&#8243; open_toggle_icon=\u00bb&#xf068;||fa||900&#8243; _builder_version=\u00bb4.24.2&#8243; _module_preset=\u00bbdefault\u00bb title_text_color=\u00bb#000000&#8243; title_font=\u00bb|700|||||||\u00bb title_font_size=\u00bb1.5em\u00bb body_font_size=\u00bb1.2em\u00bb border_width_all=\u00bb0px\u00bb global_colors_info=\u00bb{}\u00bb]<\/p>\n<p>Nuestro sitio web solo permite reservar un solo emplazamiento o alojamiento a la vez. Para asegurarse de reservar varios emplazamientos o alojamientos, cont\u00e1ctenos directamente a trav\u00e9s del formulario de contacto o por tel\u00e9fono al 05 62 92 69 01. <\/p>\n<p>[\/et_pb_toggle][et_pb_toggle title=\u00bb\u00bfPuedo hacer una opci\u00f3n en mi estancia?\u00bb open_toggle_text_color=\u00bb#000000&#8243; open_toggle_background_color=\u00bbRGBA(255,255,255,0)\u00bb closed_toggle_background_color=\u00bbRGBA(255,255,255,0)\u00bb toggle_icon=\u00bb&#xf067;||fa||900&#8243; open_icon_color=\u00bb#000000&#8243; open_toggle_icon=\u00bb&#xf068;||fa||900&#8243; _builder_version=\u00bb4.24.2&#8243; _module_preset=\u00bbdefault\u00bb title_text_color=\u00bb#000000&#8243; title_font=\u00bb|700|||||||\u00bb title_font_size=\u00bb1.5em\u00bb body_font_size=\u00bb1.2em\u00bb border_width_all=\u00bb0px\u00bb global_colors_info=\u00bb{}\u00bb]<\/p>\n<p>Sabemos que est\u00e1 ansioso por reservar sus vacaciones, pero no es posible hacer una opci\u00f3n en una estancia. Solo la reserva y el pago de un dep\u00f3sito o saldo bloquean la disponibilidad. <\/p>\n<p>[\/et_pb_toggle][et_pb_toggle title=\u00bb\u00bfC\u00f3mo convertir el presupuesto recibido por correo electr\u00f3nico en una reserva?\u00bb open_toggle_text_color=\u00bb#000000&#8243; open_toggle_background_color=\u00bbRGBA(255,255,255,0)\u00bb closed_toggle_background_color=\u00bbRGBA(255,255,255,0)\u00bb toggle_icon=\u00bb&#xf067;||fa||900&#8243; open_icon_color=\u00bb#000000&#8243; open_toggle_icon=\u00bb&#xf068;||fa||900&#8243; _builder_version=\u00bb4.24.2&#8243; _module_preset=\u00bbdefault\u00bb title_text_color=\u00bb#000000&#8243; title_font=\u00bb|700|||||||\u00bb title_font_size=\u00bb1.5em\u00bb body_font_size=\u00bb1.2em\u00bb border_width_all=\u00bb0px\u00bb global_colors_info=\u00bb{}\u00bb]<\/p>\n<p>Encuentre su presupuesto en cualquier momento en su correo electr\u00f3nico. Para convertir su presupuesto en una reserva, simplemente haga clic en \u00abVer oferta\u00bb y contin\u00fae con el siguiente paso. Solo tendr\u00e1 que realizar su pago a trav\u00e9s de nuestra plataforma de pago seguro para validar su presupuesto. Consejo: \u00a1aseg\u00farese de ingresar sus datos en el participante 1 para no quedarse bloqueado!   <\/p>\n<p>[\/et_pb_toggle][et_pb_toggle title=\u00bb\u00bfEs definitiva mi reserva una vez realizada la compra en el sitio?\u00bb open_toggle_text_color=\u00bb#000000&#8243; open_toggle_background_color=\u00bbRGBA(255,255,255,0)\u00bb closed_toggle_background_color=\u00bbRGBA(255,255,255,0)\u00bb toggle_icon=\u00bb&#xf067;||fa||900&#8243; open_icon_color=\u00bb#000000&#8243; open_toggle_icon=\u00bb&#xf068;||fa||900&#8243; _builder_version=\u00bb4.24.2&#8243; _module_preset=\u00bbdefault\u00bb title_text_color=\u00bb#000000&#8243; title_font=\u00bb|700|||||||\u00bb title_font_size=\u00bb1.5em\u00bb body_font_size=\u00bb1.2em\u00bb border_width_all=\u00bb0px\u00bb global_colors_info=\u00bb{}\u00bb]<\/p>\n<p>Una vez realizada su reserva y validado su pago, le confirmaremos su reserva en un plazo de 48 horas. En los raros casos de indisponibilidad, le ofreceremos nuevas opciones de estancia o el reembolso completo del pago realizado. <\/p>\n<p>[\/et_pb_toggle][et_pb_toggle title=\u00bb\u00bfSe cuenta a un beb\u00e9 como un participante?\u00bb open_toggle_text_color=\u00bb#000000&#8243; open_toggle_background_color=\u00bbRGBA(255,255,255,0)\u00bb closed_toggle_background_color=\u00bbRGBA(255,255,255,0)\u00bb toggle_icon=\u00bb&#xf067;||fa||900&#8243; open_icon_color=\u00bb#000000&#8243; open_toggle_icon=\u00bb&#xf068;||fa||900&#8243; _builder_version=\u00bb4.24.2&#8243; _module_preset=\u00bbdefault\u00bb title_text_color=\u00bb#000000&#8243; title_font=\u00bb|700|||||||\u00bb title_font_size=\u00bb1.5em\u00bb body_font_size=\u00bb1.2em\u00bb border_width_all=\u00bb0px\u00bb global_colors_info=\u00bb{}\u00bb]<\/p>\n<p>Los beb\u00e9s se consideran personas por derecho propio. Por lo tanto, se cuentan en la capacidad de alojamiento del alojamiento. <\/p>\n<p>El n\u00famero de personas registradas en la estancia no debe superar la capacidad de alojamiento del alojamiento indicada en nuestro sitio web y sus documentos de viaje.<\/p>\n<p>[\/et_pb_toggle][et_pb_text _builder_version=\u00bb4.24.2&#8243; _module_preset=\u00bbdefault\u00bb header_2_font=\u00bb|700|||||||\u00bb header_2_text_align=\u00bbcenter\u00bb header_2_font_size=\u00bb2em\u00bb global_colors_info=\u00bb{}\u00bb]<\/p>\n<h2>Los m\u00e9todos de pago<\/h2>\n<p>[\/et_pb_text][et_pb_toggle title=\u00bb\u00bfQu\u00e9 formas de pago acepta?\u00bb open_toggle_text_color=\u00bb#000000&#8243; open_toggle_background_color=\u00bbRGBA(255,255,255,0)\u00bb closed_toggle_background_color=\u00bbRGBA(255,255,255,0)\u00bb toggle_icon=\u00bb&#xf067;||fa||900&#8243; open_icon_color=\u00bb#000000&#8243; open_toggle_icon=\u00bb&#xf068;||fa||900&#8243; _builder_version=\u00bb4.24.2&#8243; _module_preset=\u00bbdefault\u00bb title_text_color=\u00bb#000000&#8243; title_font=\u00bb|700|||||||\u00bb title_font_size=\u00bb1.5em\u00bb body_font_size=\u00bb1.2em\u00bb hover_enabled=\u00bb0&#8243; border_width_all=\u00bb0px\u00bb global_colors_info=\u00bb{}\u00bb sticky_enabled=\u00bb0&#8243;]<\/p>\n<p>Tarjeta de cr\u00e9dito<\/p>\n<p>Cheque de vacaciones<\/p>\n<p>Cheque de vacaciones conectado<\/p>\n<p>Cheque bancario<\/p>\n<p>Transferencia bancaria nacional o internacional<\/p>\n<p>Efectivo (solo en el lugar, para emplazamientos de camping sin reserva previa)<\/p>\n<p>[\/et_pb_toggle][et_pb_toggle title=\u00bb\u00bfPuedo pagar en varias veces?\u00bb open=\u00bbon\u00bb open_toggle_text_color=\u00bb#000000&#8243; open_toggle_background_color=\u00bbRGBA(255,255,255,0)\u00bb closed_toggle_background_color=\u00bbRGBA(255,255,255,0)\u00bb toggle_icon=\u00bb&#xf067;||fa||900&#8243; open_icon_color=\u00bb#000000&#8243; open_toggle_icon=\u00bb&#xf068;||fa||900&#8243; module_id=\u00bbpaiement-3-fois\u00bb _builder_version=\u00bb4.25.1&#8243; _module_preset=\u00bbdefault\u00bb title_text_color=\u00bb#000000&#8243; title_font=\u00bb|700|||||||\u00bb title_font_size=\u00bb1.5em\u00bb body_font_size=\u00bb1.2em\u00bb border_width_all=\u00bb0px\u00bb global_colors_info=\u00bb{}\u00bb]<\/p>\n<p>S\u00ed, ofrecemos un pago del 100% de la estancia en 3 veces seg\u00fan su fecha de reserva: un dep\u00f3sito del 30% al momento de la reserva, el 50% del saldo a 60 d\u00edas de su llegada y el saldo a 30 d\u00edas de su llegada.<\/p>\n<p>Para las reservas a menos de 60 d\u00edas de su llegada: 30% al momento de la reserva y el saldo 30 d\u00edas antes de su llegada.<\/p>\n<p>En consecuencia, si realiza una reserva a menos de 30 d\u00edas de su llegada, deber\u00e1 pagar el monto total de la estancia.<\/p>\n<p>NB: Para emplazamientos, el saldo se paga en el lugar.<\/p>\n<p>[\/et_pb_toggle][et_pb_text _builder_version=\u00bb4.24.2&#8243; _module_preset=\u00bbdefault\u00bb header_2_font=\u00bb|700|||||||\u00bb header_2_text_align=\u00bbcenter\u00bb header_2_font_size=\u00bb2em\u00bb global_colors_info=\u00bb{}\u00bb]<\/p>\n<h2>Modificaci\u00f3n o cancelaci\u00f3n de estancia<\/h2>\n<p>[\/et_pb_text][et_pb_toggle title=\u00bb\u00bfC\u00f3mo puedo modificar mi reserva?\u00bb open_toggle_text_color=\u00bb#000000&#8243; open_toggle_background_color=\u00bbRGBA(255,255,255,0)\u00bb closed_toggle_background_color=\u00bbRGBA(255,255,255,0)\u00bb toggle_icon=\u00bb&#xf067;||fa||900&#8243; open_icon_color=\u00bb#000000&#8243; open_toggle_icon=\u00bb&#xf068;||fa||900&#8243; _builder_version=\u00bb4.24.2&#8243; _module_preset=\u00bbdefault\u00bb title_text_color=\u00bb#000000&#8243; title_font=\u00bb|700|||||||\u00bb title_font_size=\u00bb1.5em\u00bb body_font_size=\u00bb1.2em\u00bb border_width_all=\u00bb0px\u00bb global_colors_info=\u00bb{}\u00bb]<\/p>\n<p>Puede modificar su estancia hasta 10 d\u00edas antes de su llegada. Su solicitud debe ser realizada por escrito, por correo o por correo electr\u00f3nico a contact@laribere.fr. En la medida de lo posible, el camping har\u00e1 todo lo posible para satisfacer su solicitud seg\u00fan la disponibilidad.  <\/p>\n<p>[\/et_pb_toggle][et_pb_toggle title=\u00bb\u00bfC\u00f3mo puedo cancelar mi reserva? \u00bb open_toggle_text_color=\u00bb#000000&#8243; open_toggle_background_color=\u00bbRGBA(255,255,255,0)\u00bb closed_toggle_background_color=\u00bbRGBA(255,255,255,0)\u00bb toggle_icon=\u00bb&#xf067;||fa||900&#8243; open_icon_color=\u00bb#000000&#8243; open_toggle_icon=\u00bb&#xf068;||fa||900&#8243; _builder_version=\u00bb4.24.2&#8243; _module_preset=\u00bbdefault\u00bb title_text_color=\u00bb#000000&#8243; title_font=\u00bb|700|||||||\u00bb title_font_size=\u00bb1.5em\u00bb body_font_size=\u00bb1.2em\u00bb border_width_all=\u00bb0px\u00bb global_colors_info=\u00bb{}\u00bb]<\/p>\n<p><strong>Estancia en alojamiento : Para cualquier estancia cancelada desde la fecha de reserva hasta J-90 d\u00edas antes de la fecha de llegada, se retendr\u00e1 una tarifa de cancelaci\u00f3n de 20 \u20ac por cada alojamiento y el posible monto de suscripci\u00f3n al seguro de cancelaci\u00f3n. Entre J-90 d\u00edas y J-30 d\u00edas antes de la llegada, se retendr\u00e1 el monto de las sumas pagadas y el posible monto del seguro de cancelaci\u00f3n. A partir de J-30 de la llegada o en caso de no presentaci\u00f3n en el camping, se debe y se conserva el monto total de la estancia.<\/strong>  <\/p>\n<p><strong>Estancia en parcelas de camping : Para cualquier estancia cancelada desde la fecha de reserva hasta J-90 antes de la fecha de llegada, se retendr\u00e1 una tarifa de cancelaci\u00f3n de 20 \u20ac por cada parcela y el posible monto de suscripci\u00f3n al seguro de cancelaci\u00f3n. A partir de J-30 d\u00edas antes de la llegada, se retendr\u00e1 el monto del dep\u00f3sito y el posible monto del seguro de cancelaci\u00f3n.<\/strong>  <\/p>\n<p><!-- notionvc: 0e5b358b-e40a-49b5-a5c0-37f5fb909b45 --><\/p>\n<p>[\/et_pb_toggle][et_pb_toggle title=\u00bb\u00bfPuedo suscribir un seguro para cancelar sin gastos?\u00bb open=\u00bbon\u00bb open_toggle_text_color=\u00bb#000000&#8243; open_toggle_background_color=\u00bbRGBA(255,255,255,0)\u00bb closed_toggle_background_color=\u00bbRGBA(255,255,255,0)\u00bb toggle_icon=\u00bb&#xf067;||fa||900&#8243; open_icon_color=\u00bb#000000&#8243; open_toggle_icon=\u00bb&#xf068;||fa||900&#8243; module_id=\u00bbassurance-annulation\u00bb _builder_version=\u00bb4.24.3&#8243; _module_preset=\u00bbdefault\u00bb title_text_color=\u00bb#000000&#8243; title_font=\u00bb|700|||||||\u00bb title_font_size=\u00bb1.5em\u00bb body_font_size=\u00bb1.2em\u00bb border_width_all=\u00bb0px\u00bb global_colors_info=\u00bb{}\u00bb]<\/p>\n<p>S\u00ed. Le ofrecemos un seguro de cancelaci\u00f3n \/ interrupci\u00f3n de estad\u00eda con Campezcouvert que cubre la mayor\u00eda de los motivos de cancelaci\u00f3n de \u00faltima hora. Para obtener m\u00e1s informaci\u00f3n, puede encontrar informaci\u00f3n sobre el seguro de cancelaci\u00f3n en la p\u00e1gina de ofertas y tarifas.  <\/p>\n<p>[\/et_pb_toggle][et_pb_text _builder_version=\u00bb4.24.2&#8243; _module_preset=\u00bbdefault\u00bb header_2_font=\u00bb|700|||||||\u00bb header_2_text_align=\u00bbcenter\u00bb header_2_font_size=\u00bb2em\u00bb global_colors_info=\u00bb{}\u00bb]<\/p>\n<h2>Preparando mi estancia<\/h2>\n<p>[\/et_pb_text][et_pb_toggle title=\u00bb\u00bfCu\u00e1les son los horarios de llegada y salida?\u00bb open_toggle_text_color=\u00bb#000000&#8243; open_toggle_background_color=\u00bbRGBA(255,255,255,0)\u00bb closed_toggle_background_color=\u00bbRGBA(255,255,255,0)\u00bb toggle_icon=\u00bb&#xf067;||fa||900&#8243; open_icon_color=\u00bb#000000&#8243; open_toggle_icon=\u00bb&#xf068;||fa||900&#8243; _builder_version=\u00bb4.24.2&#8243; _module_preset=\u00bbdefault\u00bb title_text_color=\u00bb#000000&#8243; title_font=\u00bb|700|||||||\u00bb title_font_size=\u00bb1.5em\u00bb body_font_size=\u00bb1.2em\u00bb border_width_all=\u00bb0px\u00bb global_colors_info=\u00bb{}\u00bb]<\/p>\n<p>En parcelas : de 14h hasta las 19H30 y salida al mediod\u00eda como m\u00e1ximo.<\/p>\n<p>En alojamiento : de 16h a 19h30 y salida antes de las 10h.<\/p>\n<p>Si llega fuera del horario de recepci\u00f3n, recuerde informar al Camping la Rib\u00e8re al 05 62 92 69 01.<\/p>\n<p>[\/et_pb_toggle][et_pb_toggle title=\u00bbProbablemente llegar\u00e9 despu\u00e9s del cierre de la recepci\u00f3n, \u00bfc\u00f3mo debo proceder?\u00bb open_toggle_text_color=\u00bb#000000&#8243; open_toggle_background_color=\u00bbRGBA(255,255,255,0)\u00bb closed_toggle_background_color=\u00bbRGBA(255,255,255,0)\u00bb toggle_icon=\u00bb&#xf067;||fa||900&#8243; open_icon_color=\u00bb#000000&#8243; open_toggle_icon=\u00bb&#xf068;||fa||900&#8243; _builder_version=\u00bb4.24.2&#8243; _module_preset=\u00bbdefault\u00bb title_text_color=\u00bb#000000&#8243; title_font=\u00bb|700|||||||\u00bb title_font_size=\u00bb1.5em\u00bb body_font_size=\u00bb1.2em\u00bb border_width_all=\u00bb0px\u00bb global_colors_info=\u00bb{}\u00bb]<\/p>\n<p>Comun\u00edquese directamente con el camping, preferiblemente por tel\u00e9fono, para ver c\u00f3mo organizarlo. Atenci\u00f3n: No habr\u00e1 entrega de llaves de alojamiento o instalaci\u00f3n en una parcela despu\u00e9s de las 21h. <\/p>\n<p>[\/et_pb_toggle][et_pb_toggle title=\u00bb\u00bfC\u00f3mo puedo registrarme cuando llegue?\u00bb open_toggle_text_color=\u00bb#000000&#8243; open_toggle_background_color=\u00bbRGBA(255,255,255,0)\u00bb closed_toggle_background_color=\u00bbRGBA(255,255,255,0)\u00bb toggle_icon=\u00bb&#xf067;||fa||900&#8243; open_icon_color=\u00bb#000000&#8243; open_toggle_icon=\u00bb&#xf068;||fa||900&#8243; _builder_version=\u00bb4.24.2&#8243; _module_preset=\u00bbdefault\u00bb title_text_color=\u00bb#000000&#8243; title_font=\u00bb|700|||||||\u00bb title_font_size=\u00bb1.5em\u00bb body_font_size=\u00bb1.2em\u00bb border_width_all=\u00bb0px\u00bb global_colors_info=\u00bb{}\u00bb]<\/p>\n<p>Cuando llegues, dir\u00edgete a la recepci\u00f3n donde podr\u00e1s recoger las llaves de tu alojamiento o recibir informaci\u00f3n sobre su ubicaci\u00f3n. Si tienes m\u00e1s de 18 a\u00f1os, tendr\u00e1s que pagar el impuesto tur\u00edstico y un dep\u00f3sito por el alojamiento. Si no encuentras a alguien en la recepci\u00f3n, no te preocupes, estaremos en alg\u00fan lugar del camping y volveremos r\u00e1pidamente a la recepci\u00f3n para darte la bienvenida y responder cualquier pregunta que tengas.   <\/p>\n<p>[\/et_pb_toggle][et_pb_toggle title=\u00bb\u00bfDebo pagar una fianza o un dep\u00f3sito de garant\u00eda?\u00bb open_toggle_text_color=\u00bb#000000&#8243; open_toggle_background_color=\u00bbRGBA(255,255,255,0)\u00bb closed_toggle_background_color=\u00bbRGBA(255,255,255,0)\u00bb toggle_icon=\u00bb&#xf067;||fa||900&#8243; open_icon_color=\u00bb#000000&#8243; open_toggle_icon=\u00bb&#xf068;||fa||900&#8243; _builder_version=\u00bb4.24.2&#8243; _module_preset=\u00bbdefault\u00bb title_text_color=\u00bb#000000&#8243; title_font=\u00bb|700|||||||\u00bb title_font_size=\u00bb1.5em\u00bb body_font_size=\u00bb1.2em\u00bb border_width_all=\u00bb0px\u00bb global_colors_info=\u00bb{}\u00bb]<\/p>\n<p>A su llegada, se le solicitar\u00e1 un dep\u00f3sito en garant\u00eda. Este \u00faltimo le ser\u00e1 devuelto al final de su estad\u00eda si su alojamiento se devuelve en un estado satisfactorio (limpieza y estado general). El dep\u00f3sito se realizar\u00e1 por cheque o tarjeta bancaria.  <\/p>\n<p>[\/et_pb_toggle][et_pb_text _builder_version=\u00bb4.24.2&#8243; _module_preset=\u00bbdefault\u00bb header_2_font=\u00bb|700|||||||\u00bb header_2_text_align=\u00bbcenter\u00bb header_2_font_size=\u00bb2em\u00bb global_colors_info=\u00bb{}\u00bb]<\/p>\n<h2>Mi estancia en parcela de camping<\/h2>\n<p>[\/et_pb_text][et_pb_toggle title=\u00bb\u00bfCu\u00e1ntas personas pueden acampar en una parcela?\u00bb open_toggle_text_color=\u00bb#000000&#8243; open_toggle_background_color=\u00bbRGBA(255,255,255,0)\u00bb closed_toggle_background_color=\u00bbRGBA(255,255,255,0)\u00bb toggle_icon=\u00bb&#xf067;||fa||900&#8243; open_icon_color=\u00bb#000000&#8243; open_toggle_icon=\u00bb&#xf068;||fa||900&#8243; _builder_version=\u00bb4.24.2&#8243; _module_preset=\u00bbdefault\u00bb title_text_color=\u00bb#000000&#8243; title_font=\u00bb|700|||||||\u00bb title_font_size=\u00bb1.5em\u00bb body_font_size=\u00bb1.2em\u00bb border_width_all=\u00bb0px\u00bb global_colors_info=\u00bb{}\u00bb]<\/p>\n<p>La capacidad m\u00e1xima de nuestras parcelas destinadas a tiendas de campa\u00f1a, autocaravanas y caravanas es de 6 personas (incluidos ni\u00f1os y beb\u00e9s). Si supera esta capacidad m\u00e1xima, deber\u00e1 reservar una segunda parcela. El paquete b\u00e1sico de parcela incluye 2 personas. Las personas adicionales (adultos o ni\u00f1os) deber\u00e1n pagar un suplemento.   <\/p>\n<p>[\/et_pb_toggle][et_pb_toggle title=\u00bb\u00bfPor qu\u00e9 se me pide informaci\u00f3n sobre mi equipo de camping?\u00bb open_toggle_text_color=\u00bb#000000&#8243; open_toggle_background_color=\u00bbRGBA(255,255,255,0)\u00bb closed_toggle_background_color=\u00bbRGBA(255,255,255,0)\u00bb toggle_icon=\u00bb&#xf067;||fa||900&#8243; open_icon_color=\u00bb#000000&#8243; open_toggle_icon=\u00bb&#xf068;||fa||900&#8243; _builder_version=\u00bb4.24.2&#8243; _module_preset=\u00bbdefault\u00bb title_text_color=\u00bb#000000&#8243; title_font=\u00bb|700|||||||\u00bb title_font_size=\u00bb1.5em\u00bb body_font_size=\u00bb1.2em\u00bb border_width_all=\u00bb0px\u00bb global_colors_info=\u00bb{}\u00bb]<\/p>\n<p>En el camping la Rib\u00e8re, todas las parcelas no tienen la misma forma ni accesibilidad seg\u00fan sus equipos. El camping en s\u00ed no es plano y las parcelas se crearon en peque\u00f1as terrazas. La parcela que se le ofrecer\u00e1 tambi\u00e9n estar\u00e1 vinculada a la configuraci\u00f3n natural del camping y de algunas parcelas y de su equipo. Por lo tanto, es importante proporcionar informaci\u00f3n precisa sobre el tama\u00f1o de su tienda de campa\u00f1a, autocaravana o caravana. Un pabell\u00f3n adicional en su parcela se considera como una tienda de campa\u00f1a.    <\/p>\n<p>Su veh\u00edculo debe estacionarse en su parcela.<\/p>\n<p>Tama\u00f1o de las <strong>tiendas <\/strong> de campa\u00f1a:<\/p>\n<ul>\n<li>Tienda peque\u00f1a: 2 x 3m (6m\u00b2) o trekking &#8211; 1 a 3 personas<\/li>\n<li>Tienda mediana: 3 x 5 m (15m\u00b2) &#8211; 2 a 4 personas.<\/li>\n<li>Tienda grande: m\u00e1ximo 4 x 5 m (20m\u00b2) &#8211; 4 a 6 personas.<\/li>\n<li>m\u00e1s de 20m\u00b2 &#8211; 1 a 6 personas &#8211; lo invitamos a ponerse en contacto con nosotros directamente.<\/li>\n<\/ul>\n<p>Para parcelas de autocaravanas: M\u00e1ximo 7m de largo.<\/p>\n<p><!-- notionvc: 1f5aab74-2c7e-4ddf-b87d-60e92a4d6bdd --><\/p>\n<p>[\/et_pb_toggle][et_pb_toggle title=\u00bb\u00bfQu\u00e9 tipo de enchufe el\u00e9ctrico est\u00e1 disponible en las parcelas?\u00bb open_toggle_text_color=\u00bb#000000&#8243; open_toggle_background_color=\u00bbRGBA(255,255,255,0)\u00bb closed_toggle_background_color=\u00bbRGBA(255,255,255,0)\u00bb toggle_icon=\u00bb&#xf067;||fa||900&#8243; open_icon_color=\u00bb#000000&#8243; open_toggle_icon=\u00bb&#xf068;||fa||900&#8243; _builder_version=\u00bb4.24.2&#8243; _module_preset=\u00bbdefault\u00bb title_text_color=\u00bb#000000&#8243; title_font=\u00bb|700|||||||\u00bb title_font_size=\u00bb1.5em\u00bb body_font_size=\u00bb1.2em\u00bb border_width_all=\u00bb0px\u00bb global_colors_info=\u00bb{}\u00bb]<\/p>\n<p>El camping est\u00e1 equipado con bornes el\u00e9ctricas en ciertos lugares del camping con enchufes de la UE. Recuerde llevar sus adaptadores (macho 3 clavijas) y un cable de extensi\u00f3n de aproximadamente 25 m para poder conectarse. <\/p>\n<p>[\/et_pb_toggle][et_pb_text _builder_version=\u00bb4.24.2&#8243; _module_preset=\u00bbdefault\u00bb header_2_font=\u00bb|700|||||||\u00bb header_2_text_align=\u00bbcenter\u00bb header_2_font_size=\u00bb2em\u00bb global_colors_info=\u00bb{}\u00bb]<\/p>\n<h2>Mi estancia en alojamiento<\/h2>\n<p>[\/et_pb_text][et_pb_toggle title=\u00bb\u00bfEs posible a\u00f1adir una tienda o un cenador junto a mi alojamiento?\u00bb open_toggle_text_color=\u00bb#000000&#8243; open_toggle_background_color=\u00bbRGBA(255,255,255,0)\u00bb closed_toggle_background_color=\u00bbRGBA(255,255,255,0)\u00bb toggle_icon=\u00bb&#xf067;||fa||900&#8243; open_icon_color=\u00bb#000000&#8243; open_toggle_icon=\u00bb&#xf068;||fa||900&#8243; _builder_version=\u00bb4.24.2&#8243; _module_preset=\u00bbdefault\u00bb title_text_color=\u00bb#000000&#8243; title_font=\u00bb|700|||||||\u00bb title_font_size=\u00bb1.5em\u00bb body_font_size=\u00bb1.2em\u00bb border_width_all=\u00bb0px\u00bb global_colors_info=\u00bb{}\u00bb]<\/p>\n<p>No, no es posible a\u00f1adir un cenador o una tienda junto a su alojamiento. Deber\u00e1 reservar un espacio adicional situado en la zona dedicada a las tiendas. <\/p>\n<p>[\/et_pb_toggle][et_pb_toggle title=\u00bb\u00bfCu\u00e1l es la capacidad m\u00e1xima de las caba\u00f1as y los m\u00f3viles-homes?\u00bb open_toggle_text_color=\u00bb#000000&#8243; open_toggle_background_color=\u00bbRGBA(255,255,255,0)\u00bb closed_toggle_background_color=\u00bbRGBA(255,255,255,0)\u00bb toggle_icon=\u00bb&#xf067;||fa||900&#8243; open_icon_color=\u00bb#000000&#8243; open_toggle_icon=\u00bb&#xf068;||fa||900&#8243; _builder_version=\u00bb4.24.2&#8243; _module_preset=\u00bbdefault\u00bb title_text_color=\u00bb#000000&#8243; title_font=\u00bb|700|||||||\u00bb title_font_size=\u00bb1.5em\u00bb body_font_size=\u00bb1.2em\u00bb border_width_all=\u00bb0px\u00bb global_colors_info=\u00bb{}\u00bb]<\/p>\n<p>En toda nuestra oferta de alquiler, la capacidad m\u00e1xima es de entre 1 y 6 personas (beb\u00e9 incluido). Debe consultar nuestras p\u00e1ginas de alojamiento<span class=\"link-annotation-unknown-block-id--212951844\"><\/span> <span data-token-index=\"2\" class=\"notion-enable-hover\"> <\/span>para conocer la capacidad de cada alojamiento. Por razones de seguridad, no es posible superar esta capacidad m\u00e1xima. Si supera esta capacidad m\u00e1xima, deber\u00e1 reservar un segundo alojamiento.  <!-- notionvc: ae3ea55c-06a9-44c3-8ada-e9b90d36a786 --><\/p>\n<p>[\/et_pb_toggle][et_pb_toggle title=\u00bb\u00bfSe proporcionan s\u00e1banas y toallas?\u00bb open_toggle_text_color=\u00bb#000000&#8243; open_toggle_background_color=\u00bbRGBA(255,255,255,0)\u00bb closed_toggle_background_color=\u00bbRGBA(255,255,255,0)\u00bb toggle_icon=\u00bb&#xf067;||fa||900&#8243; open_icon_color=\u00bb#000000&#8243; open_toggle_icon=\u00bb&#xf068;||fa||900&#8243; _builder_version=\u00bb4.24.2&#8243; _module_preset=\u00bbdefault\u00bb title_text_color=\u00bb#000000&#8243; title_font=\u00bb|700|||||||\u00bb title_font_size=\u00bb1.5em\u00bb body_font_size=\u00bb1.2em\u00bb border_width_all=\u00bb0px\u00bb global_colors_info=\u00bb{}\u00bb]<\/p>\n<p>La ropa de cama, de ba\u00f1o y de cocina no est\u00e1 incluida en el alquiler. Es posible alquilar la ropa de cama en el lugar. \u00a1Aseg\u00farese de reservarla con anticipaci\u00f3n!  <\/p>\n<p>[\/et_pb_toggle][et_pb_toggle title=\u00bb\u00bfSe puede alquilar equipo para beb\u00e9s?\u00bb open_toggle_text_color=\u00bb#000000&#8243; open_toggle_background_color=\u00bbRGBA(255,255,255,0)\u00bb closed_toggle_background_color=\u00bbRGBA(255,255,255,0)\u00bb toggle_icon=\u00bb&#xf067;||fa||900&#8243; open_icon_color=\u00bb#000000&#8243; open_toggle_icon=\u00bb&#xf068;||fa||900&#8243; _builder_version=\u00bb4.24.2&#8243; _module_preset=\u00bbdefault\u00bb title_text_color=\u00bb#000000&#8243; title_font=\u00bb|700|||||||\u00bb title_font_size=\u00bb1.5em\u00bb body_font_size=\u00bb1.2em\u00bb border_width_all=\u00bb0px\u00bb global_colors_info=\u00bb{}\u00bb]<\/p>\n<p>\u00a1S\u00ed, es posible! Ofrecemos prestarle gratuitamente la cuna (cama plegable) y\/o una silla alta. Puede reservar estos elementos por tel\u00e9fono o en nuestro sitio web (sujeto a disponibilidad).  <\/p>\n<p>[\/et_pb_toggle][et_pb_toggle title=\u00bb\u00bfDebo hacer la limpieza al dejar mi alojamiento?\u00bb open_toggle_text_color=\u00bb#000000&#8243; open_toggle_background_color=\u00bbRGBA(255,255,255,0)\u00bb closed_toggle_background_color=\u00bbRGBA(255,255,255,0)\u00bb toggle_icon=\u00bb&#xf067;||fa||900&#8243; open_icon_color=\u00bb#000000&#8243; open_toggle_icon=\u00bb&#xf068;||fa||900&#8243; _builder_version=\u00bb4.24.2&#8243; _module_preset=\u00bbdefault\u00bb title_text_color=\u00bb#000000&#8243; title_font=\u00bb|700|||||||\u00bb title_font_size=\u00bb1.5em\u00bb body_font_size=\u00bb1.2em\u00bb border_width_all=\u00bb0px\u00bb global_colors_info=\u00bb{}\u00bb]<\/p>\n<p>A menos que haya contratado la opci\u00f3n de limpieza de fin de estancia al hacer su reserva, deber\u00e1 limpiar su alojamiento antes de realizar el inventario de salida y la devoluci\u00f3n de las llaves. Su alojamiento debe ser devuelto en perfecto estado de limpieza. Si se devuelve un alojamiento en un estado de limpieza que se considere inadecuado, podremos facturarle el precio de la limpieza o retenerlo de su dep\u00f3sito de garant\u00eda. \u00a1No olvide llevar sus productos de limpieza!   <\/p>\n<p>[\/et_pb_toggle][et_pb_text _builder_version=\u00bb4.24.2&#8243; _module_preset=\u00bbdefault\u00bb header_2_font=\u00bb|700|||||||\u00bb header_2_text_align=\u00bbcenter\u00bb header_2_font_size=\u00bb2em\u00bb global_colors_info=\u00bb{}\u00bb]<\/p>\n<h2>Despu\u00e9s de mi estancia<\/h2>\n<p>[\/et_pb_text][et_pb_toggle title=\u00bb\u00bfQu\u00e9 debo hacer si olvid\u00e9 algo en el camping?\u00bb open_toggle_text_color=\u00bb#000000&#8243; open_toggle_background_color=\u00bbRGBA(255,255,255,0)\u00bb closed_toggle_background_color=\u00bbRGBA(255,255,255,0)\u00bb toggle_icon=\u00bb&#xf067;||fa||900&#8243; open_icon_color=\u00bb#000000&#8243; open_toggle_icon=\u00bb&#xf068;||fa||900&#8243; _builder_version=\u00bb4.24.2&#8243; _module_preset=\u00bbdefault\u00bb title_text_color=\u00bb#000000&#8243; title_font=\u00bb|700|||||||\u00bb title_font_size=\u00bb1.5em\u00bb body_font_size=\u00bb1.2em\u00bb border_width_all=\u00bb0px\u00bb global_colors_info=\u00bb{}\u00bb]<\/p>\n<p>\u00a1Cont\u00e1ctenos directamente, investigaremos!<\/p>\n<p>[\/et_pb_toggle][et_pb_toggle title=\u00bb\u00bfPor qu\u00e9 debo completar la encuesta de satisfacci\u00f3n? \u00bb open_toggle_text_color=\u00bb#000000&#8243; open_toggle_background_color=\u00bbRGBA(255,255,255,0)\u00bb closed_toggle_background_color=\u00bbRGBA(255,255,255,0)\u00bb toggle_icon=\u00bb&#xf067;||fa||900&#8243; open_icon_color=\u00bb#000000&#8243; open_toggle_icon=\u00bb&#xf068;||fa||900&#8243; _builder_version=\u00bb4.24.2&#8243; _module_preset=\u00bbdefault\u00bb title_text_color=\u00bb#000000&#8243; title_font=\u00bb|700|||||||\u00bb title_font_size=\u00bb1.5em\u00bb body_font_size=\u00bb1.2em\u00bb border_width_all=\u00bb0px\u00bb global_colors_info=\u00bb{}\u00bb]<\/p>\n<p>Cada experiencia es valiosa para nosotros, por lo que despu\u00e9s de su partida se le enviar\u00e1 una encuesta de satisfacci\u00f3n por correo electr\u00f3nico.<\/p>\n<p>Ya sea que su estancia haya cumplido con todas sus expectativas o que haya encontrado dificultades, no dude en enviarnos sus comentarios completando la encuesta. Leemos cada encuesta con atenci\u00f3n. <\/p>\n<p>Sus respuestas nos ayudan a mejorar a\u00fan m\u00e1s nuestras ofertas y servicios y a adaptarlos mejor a sus expectativas.<\/p>\n<p>[\/et_pb_toggle][et_pb_toggle title=\u00bb\u00bfC\u00f3mo formular una reclamaci\u00f3n?\u00bb open_toggle_text_color=\u00bb#000000&#8243; open_toggle_background_color=\u00bbRGBA(255,255,255,0)\u00bb closed_toggle_background_color=\u00bbRGBA(255,255,255,0)\u00bb toggle_icon=\u00bb&#xf067;||fa||900&#8243; open_icon_color=\u00bb#000000&#8243; open_toggle_icon=\u00bb&#xf068;||fa||900&#8243; _builder_version=\u00bb4.24.2&#8243; _module_preset=\u00bbdefault\u00bb title_text_color=\u00bb#000000&#8243; title_font=\u00bb|700|||||||\u00bb title_font_size=\u00bb1.5em\u00bb body_font_size=\u00bb1.2em\u00bb border_width_all=\u00bb0px\u00bb global_colors_info=\u00bb{}\u00bb]<\/p>\n<p>Nos comprometemos a que sus vacaciones se desarrollen en las mejores condiciones. Le invitamos a hacernos sus comentarios en cualquier momento durante su estancia, para permitir a nuestro equipo proponerle soluciones para mejorar su estancia. Recopilamos todas las opiniones de nuestros campistas a trav\u00e9s de una encuesta de satisfacci\u00f3n que se le enviar\u00e1 por correo electr\u00f3nico despu\u00e9s de su estancia. Podr\u00e1 hacernos saber sus comentarios y descontento en esta ocasi\u00f3n o comunicarse directamente con nosotros por tel\u00e9fono al 05 62 92 69 01 o por correo electr\u00f3nico.   <\/p>\n<p>[\/et_pb_toggle][et_pb_text _builder_version=\u00bb4.24.2&#8243; _module_preset=\u00bbdefault\u00bb header_2_font=\u00bb|700|||||||\u00bb header_2_text_align=\u00bbcenter\u00bb header_2_font_size=\u00bb2em\u00bb global_colors_info=\u00bb{}\u00bb]<\/p>\n<h2>Informaci\u00f3n pr\u00e1ctica<\/h2>\n<p>[\/et_pb_text][et_pb_toggle title=\u00bb\u00bfEl camping es accesible para personas con movilidad reducida?\u00bb open_toggle_text_color=\u00bb#000000&#8243; open_toggle_background_color=\u00bbRGBA(255,255,255,0)\u00bb closed_toggle_background_color=\u00bbRGBA(255,255,255,0)\u00bb toggle_icon=\u00bb&#xf067;||fa||900&#8243; open_icon_color=\u00bb#000000&#8243; open_toggle_icon=\u00bb&#xf068;||fa||900&#8243; _builder_version=\u00bb4.24.2&#8243; _module_preset=\u00bbdefault\u00bb title_text_color=\u00bb#000000&#8243; title_font=\u00bb|700|||||||\u00bb title_font_size=\u00bb1.5em\u00bb body_font_size=\u00bb1.2em\u00bb border_width_all=\u00bb0px\u00bb global_colors_info=\u00bb{}\u00bb]<\/p>\n<p>El camping est\u00e1 equipado con instalaciones sanitarias para personas con movilidad reducida. Sin embargo, la configuraci\u00f3n natural del camping (desnivel, camino pedregoso&#8230;) puede hacer que los desplazamientos sean complicados. No tenemos alquileres espec\u00edficos para las necesidades de una persona con movilidad reducida.  <\/p>\n<p>[\/et_pb_toggle][et_pb_toggle title=\u00bb\u00bfCu\u00e1ntos veh\u00edculos por alojamiento o parcela?\u00bb open_toggle_text_color=\u00bb#000000&#8243; open_toggle_background_color=\u00bbRGBA(255,255,255,0)\u00bb closed_toggle_background_color=\u00bbRGBA(255,255,255,0)\u00bb toggle_icon=\u00bb&#xf067;||fa||900&#8243; open_icon_color=\u00bb#000000&#8243; open_toggle_icon=\u00bb&#xf068;||fa||900&#8243; _builder_version=\u00bb4.24.2&#8243; _module_preset=\u00bbdefault\u00bb title_text_color=\u00bb#000000&#8243; title_font=\u00bb|700|||||||\u00bb title_font_size=\u00bb1.5em\u00bb body_font_size=\u00bb1.2em\u00bb border_width_all=\u00bb0px\u00bb global_colors_info=\u00bb{}\u00bb]<\/p>\n<p>Solo se permite un veh\u00edculo dentro del camping, ya sea directamente en la parcela o en la plaza de aparcamiento numerada en la entrada del camping para los alquileres. Intentamos limitar el tr\u00e1fico en el camping para preservar la tranquilidad y la seguridad de los ni\u00f1os. Hay un aparcamiento gratuito disponible a 200 metros para veh\u00edculos adicionales.  <\/p>\n<p>[\/et_pb_toggle][et_pb_toggle title=\u00bb\u00bfOfrecen estaciones de carga para veh\u00edculos el\u00e9ctricos?\u00bb open_toggle_text_color=\u00bb#000000&#8243; open_toggle_background_color=\u00bbRGBA(255,255,255,0)\u00bb closed_toggle_background_color=\u00bbRGBA(255,255,255,0)\u00bb toggle_icon=\u00bb&#xf067;||fa||900&#8243; open_icon_color=\u00bb#000000&#8243; open_toggle_icon=\u00bb&#xf068;||fa||900&#8243; _builder_version=\u00bb4.24.2&#8243; _module_preset=\u00bbdefault\u00bb title_text_color=\u00bb#000000&#8243; title_font=\u00bb|700|||||||\u00bb title_font_size=\u00bb1.5em\u00bb body_font_size=\u00bb1.2em\u00bb border_width_all=\u00bb0px\u00bb global_colors_info=\u00bb{}\u00bb]<\/p>\n<p>El camping ha sido dise\u00f1ado para utilizar la menor cantidad de energ\u00eda posible, por lo que no es posible instalar instalaciones espec\u00edficas. El uso de los enchufes de su parcela o alquiler para cargar su veh\u00edculo podr\u00eda provocar un corte de energ\u00eda en todo el camping. Encontrar\u00e1 estaciones de carga en el centro del pueblo de Bar\u00e8ges.  <\/p>\n<p>[\/et_pb_toggle][et_pb_toggle title=\u00bb\u00bfEst\u00e1 abierto el camping en invierno? \u00bb open_toggle_text_color=\u00bb#000000&#8243; open_toggle_background_color=\u00bbRGBA(255,255,255,0)\u00bb closed_toggle_background_color=\u00bbRGBA(255,255,255,0)\u00bb toggle_icon=\u00bb&#xf067;||fa||900&#8243; open_icon_color=\u00bb#000000&#8243; open_toggle_icon=\u00bb&#xf068;||fa||900&#8243; _builder_version=\u00bb4.24.2&#8243; _module_preset=\u00bbdefault\u00bb title_text_color=\u00bb#000000&#8243; title_font=\u00bb|700|||||||\u00bb title_font_size=\u00bb1.5em\u00bb body_font_size=\u00bb1.2em\u00bb border_width_all=\u00bb0px\u00bb global_colors_info=\u00bb{}\u00bb]<\/p>\n<p>El camping est\u00e1 abierto en invierno, pero solo la parte de alquiler podr\u00e1 recibirle en este per\u00edodo. Los servicios sanitarios, las instalaciones colectivas y los servicios para autocaravanas no est\u00e1n disponibles en invierno. <\/p>\n<p>[\/et_pb_toggle][et_pb_toggle title=\u00bb\u00bfSe admiten mascotas en el camping?\u00bb open_toggle_text_color=\u00bb#000000&#8243; open_toggle_background_color=\u00bbRGBA(255,255,255,0)\u00bb closed_toggle_background_color=\u00bbRGBA(255,255,255,0)\u00bb toggle_icon=\u00bb&#xf067;||fa||900&#8243; open_icon_color=\u00bb#000000&#8243; open_toggle_icon=\u00bb&#xf068;||fa||900&#8243; _builder_version=\u00bb4.24.2&#8243; _module_preset=\u00bbdefault\u00bb title_text_color=\u00bb#000000&#8243; title_font=\u00bb|700|||||||\u00bb title_font_size=\u00bb1.5em\u00bb body_font_size=\u00bb1.2em\u00bb border_width_all=\u00bb0px\u00bb global_colors_info=\u00bb{}\u00bb]<\/p>\n<p>Las mascotas son bienvenidas en las parcelas del camping. Para la comodidad de todos, solo se admite una mascota por parcela. Su mascota debe estar vacunada, atada y las heces deben eliminarse fuera del camping. Tambi\u00e9n pedimos que no deje a sus mascotas solas en las parcelas o en sus veh\u00edculos.   <\/p>\n<p>No se admiten mascotas en los alquileres (excepto perros gu\u00eda y perros de asistencia con justificante).<\/p>\n<p>[\/et_pb_toggle][et_pb_toggle title=\u00bb\u00bfSe puede conectar a WIFI?\u00bb open_toggle_text_color=\u00bb#000000&#8243; open_toggle_background_color=\u00bbRGBA(255,255,255,0)\u00bb closed_toggle_background_color=\u00bbRGBA(255,255,255,0)\u00bb toggle_icon=\u00bb&#xf067;||fa||900&#8243; open_icon_color=\u00bb#000000&#8243; open_toggle_icon=\u00bb&#xf068;||fa||900&#8243; _builder_version=\u00bb4.24.2&#8243; _module_preset=\u00bbdefault\u00bb title_text_color=\u00bb#000000&#8243; title_font=\u00bb|700|||||||\u00bb title_font_size=\u00bb1.5em\u00bb body_font_size=\u00bb1.2em\u00bb border_width_all=\u00bb0px\u00bb global_colors_info=\u00bb{}\u00bb]<\/p>\n<p>Hay dos posibilidades: a trav\u00e9s de nuestro proveedor externo con antenas de rel\u00e9 en el camping (servicio de pago) o mediante la cobertura 4G en todo el camping. Dependiendo de su plan, podr\u00e1 permanecer conectado a Internet durante sus vacaciones. <\/p>\n<p>[\/et_pb_toggle][\/et_pb_column][\/et_pb_row][et_pb_row column_structure=\u00bb3_4,1_4&#8243; _builder_version=\u00bb4.24.2&#8243; _module_preset=\u00bbdefault\u00bb width=\u00bb100%\u00bb max_width=\u00bb90%\u00bb global_colors_info=\u00bb{}\u00bb][et_pb_column type=\u00bb3_4&#8243; _builder_version=\u00bb4.24.2&#8243; _module_preset=\u00bbdefault\u00bb global_colors_info=\u00bb{}\u00bb][et_pb_text _builder_version=\u00bb4.24.2&#8243; _module_preset=\u00bbdefault\u00bb header_2_font=\u00bb|600|||||||\u00bb header_2_text_align=\u00bbleft\u00bb header_2_font_size=\u00bb2.5em\u00bb custom_margin=\u00bb||0px||false|false\u00bb global_colors_info=\u00bb{}\u00bb]<\/p>\n<h2>\u00bfTodav\u00eda necesitas ayuda?<\/h2>\n<p>[\/et_pb_text][et_pb_text _builder_version=\u00bb4.24.2&#8243; _module_preset=\u00bbdefault\u00bb global_colors_info=\u00bb{}\u00bb]<\/p>\n<p>Si no ha encontrado la respuesta a su pregunta, cont\u00e1ctenos completando el <span class=\"link-annotation-unknown-block-id-1161292788\">formulario de contacto<\/span> o por tel\u00e9fono al 05 62 92 69 01 durante las horas de apertura. <!-- notionvc: cca343b7-06ab-4b72-a2b4-4b3c5ae7ec1a --><\/p>\n<p>[\/et_pb_text][\/et_pb_column][et_pb_column type=\u00bb1_4&#8243; _builder_version=\u00bb4.24.2&#8243; _module_preset=\u00bbdefault\u00bb global_colors_info=\u00bb{}\u00bb][et_pb_button button_url=\u00bbhttps:\/\/www.laribere.fr\/es\/contactanos\/\u00bb button_text=\u00bbCont\u00e1ctenos\u00bb button_alignment=\u00bbcenter\u00bb _builder_version=\u00bb4.25.1&#8243; _module_preset=\u00bbdefault\u00bb custom_button=\u00bbon\u00bb button_text_size=\u00bb1.5em\u00bb button_text_color=\u00bb#FFFFFF\u00bb button_bg_color=\u00bb#393b3f\u00bb button_border_width=\u00bb0px\u00bb button_border_radius=\u00bb25px\u00bb custom_margin=\u00bb5vh||||false|false\u00bb custom_padding=\u00bb1vh|2vw|1vh|2vw|true|true\u00bb global_colors_info=\u00bb{}\u00bb][\/et_pb_button][\/et_pb_column][\/et_pb_row][\/et_pb_section]<\/p>\n","protected":false},"excerpt":{"rendered":"<p>Preguntas frecuentesTodas las preguntas que tenga para su estancia en Camping La Rib\u00e8re\u00bfC\u00f3mo hacer una reserva?Para conocer el precio exacto en las fechas solicitadas, simplemente simule una reserva en nuestra plataforma haciendo clic en el bot\u00f3n RESERVAR. Una vez que ingrese las fechas, le mostraremos los alojamientos disponibles y sus tarifas. La tarifa que se muestra en este paso es el precio del alojamiento (o emplazamiento) solo, excluyendo cualquier opci\u00f3n o seguro de cancelaci\u00f3n opcional. \u00bfHa encontrado la estancia de sus sue\u00f1os? \u00a1Solo tiene que hacer clic en \u00abReservar\u00bb y dejarse guiar hacia sus pr\u00f3ximas vacaciones! Es simple y r\u00e1pido: la reserva se realiza en 3 pasos 1- Ingrese sus datos y proporcione el nombre de todos los participantes felices en la estancia (incluido el beb\u00e9) 2- Seleccione las opciones a las que desea suscribirse y haga clic en FINALIZAR 3- Elija su m\u00e9todo de pago y confirme su reserva. Luego recibir\u00e1 la confirmaci\u00f3n definitiva de su reserva por correo electr\u00f3nico en un plazo de 48 horas. Nuestro sitio web solo permite reservar un solo emplazamiento o alojamiento a la vez. Para asegurarse de reservar varios emplazamientos o alojamientos, cont\u00e1ctenos directamente a trav\u00e9s del formulario de contacto o por tel\u00e9fono [&hellip;]<\/p>\n","protected":false},"author":2,"featured_media":0,"parent":0,"menu_order":0,"comment_status":"closed","ping_status":"closed","template":"","meta":{"_acf_changed":false,"_et_pb_use_builder":"on","_et_pb_old_content":"","_et_gb_content_width":"","ngg_post_thumbnail":0,"footnotes":""},"class_list":["post-4166","page","type-page","status-publish","hentry"],"acf":[],"_links":{"self":[{"href":"https:\/\/www.laribere.fr\/es\/wp-json\/wp\/v2\/pages\/4166","targetHints":{"allow":["GET"]}}],"collection":[{"href":"https:\/\/www.laribere.fr\/es\/wp-json\/wp\/v2\/pages"}],"about":[{"href":"https:\/\/www.laribere.fr\/es\/wp-json\/wp\/v2\/types\/page"}],"author":[{"embeddable":true,"href":"https:\/\/www.laribere.fr\/es\/wp-json\/wp\/v2\/users\/2"}],"replies":[{"embeddable":true,"href":"https:\/\/www.laribere.fr\/es\/wp-json\/wp\/v2\/comments?post=4166"}],"version-history":[{"count":3,"href":"https:\/\/www.laribere.fr\/es\/wp-json\/wp\/v2\/pages\/4166\/revisions"}],"predecessor-version":[{"id":5477,"href":"https:\/\/www.laribere.fr\/es\/wp-json\/wp\/v2\/pages\/4166\/revisions\/5477"}],"wp:attachment":[{"href":"https:\/\/www.laribere.fr\/es\/wp-json\/wp\/v2\/media?parent=4166"}],"curies":[{"name":"wp","href":"https:\/\/api.w.org\/{rel}","templated":true}]}}